{"id":7534,"date":"2021-12-04T09:35:00","date_gmt":"2021-12-04T08:35:00","guid":{"rendered":"https:\/\/www.mahlwerk.ch\/?post_type=product&#038;p=7534"},"modified":"2026-04-20T10:17:53","modified_gmt":"2026-04-20T08:17:53","slug":"nussbaum-und-arve","status":"publish","type":"product","link":"https:\/\/www.mahlwerk.ch\/fr\/produkt\/nussbaum-und-arve\/","title":{"rendered":"Noyer et arolle"},"content":{"rendered":"<p>Moulin en c\u00e9ramique en bois de noyer suisse<br \/>\nHauteur : 21cm - diam\u00e8tre : 5 cm.<\/p>\n<p>Moulin \u00e0 poivre et \u00e0 sel en c\u00e9ramique en bois d'arolle suisse<br \/>\nHauteur : 15cm - Diam\u00e8tre : 5.5 cm.<\/p>\n<p>Le moulin \u00e0 \u00e9pices en bois massif impressionne par son design simple et intemporel. Le moulin en bois est fabriqu\u00e9 \u00e0 partir de bois r\u00e9gionaux dans une tournerie de l'Oberland bernois. Le grain unique fait de chaque produit une pi\u00e8ce unique.<\/p>\n<p>Le c\u0153ur de chaque broyeur est un broyeur en c\u00e9ramique de haute qualit\u00e9 et r\u00e9glable en continu de CrushGrind. La c\u00e9ramique est plus dure que l'acier, sans go\u00fbt, durable et inoxydables.<\/p>\n<p>Le moulin en c\u00e9ramique permet de moudre sans probl\u00e8me diff\u00e9rentes \u00e9pices : Poivre, sel, piment et bien d'autres \u00e9pices et herbes s\u00e9ch\u00e9es.<\/p>\n<p><strong>Nous livrons uniquement en Suisse.<\/strong><\/p>","protected":false},"excerpt":{"rendered":"<p>Keramikm\u00fchle aus Schweizer Nussbaumholz H\u00f6he: 21cm \u2013 Durchmesser: 5 cm. Pfeffer- und Salz-Keramikm\u00fchle aus schweizer Arvenholz H\u00f6he: 15cm\u00a0 &#8211; Durchmesser: 5.5 cm. Die Massivholz Gew\u00fcrzm\u00fchle besticht durch ihr schlichtes und zeitloses Design. Die Holzm\u00fchle wird in einer Drechslerei im Berner Oberland aus regionalen H\u00f6lzern hergestellt. Durch die einzigartige Maserung wird jedes Produkt zum Unikat. Das [&hellip;]<\/p>\n","protected":false},"featured_media":7535,"template":"","meta":[],"product_brand":[],"product_cat":[135,129],"product_tag":[],"class_list":{"0":"post-7534","1":"product","2":"type-product","3":"status-publish","4":"has-post-thumbnail","6":"product_cat-arvenholz","7":"product_cat-muehlen","9":"first","10":"instock","11":"sale","12":"taxable","13":"shipping-taxable","14":"purchasable","15":"product-type-simple"},"yoast_head":"<!-- This site is optimized with the Yoast SEO plugin v27.5 - https:\/\/yoast.com\/product\/yoast-seo-wordpress\/ -->\n<title>Arven Holz Pfefferm\u00fchle mit Keramikmahlwerk<\/title>\n<meta name=\"description\" content=\"Pfeffer- und Salzm\u00fchle aus Schweizer Arvenholz - einzigartig in Design und Qualit\u00e4t. Hergestellt in einer Drechslerei im Bernern Oberland.\" \/>\n<meta name=\"robots\" content=\"index, follow, max-snippet:-1, max-image-preview:large, max-video-preview:-1\" \/>\n<link rel=\"canonical\" href=\"https:\/\/www.mahlwerk.ch\/fr\/produkt\/nussbaum-und-arve\/\" \/>\n<meta property=\"og:locale\" content=\"fr_FR\" \/>\n<meta property=\"og:type\" content=\"article\" \/>\n<meta property=\"og:title\" content=\"Arven Holz Pfefferm\u00fchle mit Keramikmahlwerk\" \/>\n<meta property=\"og:description\" content=\"Pfeffer- und Salzm\u00fchle aus Schweizer Arvenholz - einzigartig in Design und Qualit\u00e4t. Hergestellt in einer Drechslerei im Bernern Oberland.\" \/>\n<meta property=\"og:url\" content=\"https:\/\/www.mahlwerk.ch\/fr\/produkt\/nussbaum-und-arve\/\" \/>\n<meta property=\"og:site_name\" content=\"Keramikm\u00fchlen von Mahlwerk\" \/>\n<meta property=\"article:modified_time\" content=\"2026-04-20T08:17:53+00:00\" \/>\n<meta property=\"og:image\" content=\"https:\/\/www.mahlwerk.ch\/webseite\/wp-content\/uploads\/2021\/12\/pfeffermuehlen-keramikmahlwerk-schweizer-holz-arve-nussbaum.jpg\" \/>\n\t<meta property=\"og:image:width\" content=\"2500\" \/>\n\t<meta property=\"og:image:height\" content=\"2500\" \/>\n\t<meta property=\"og:image:type\" content=\"image\/jpeg\" \/>\n<meta name=\"twitter:card\" content=\"summary_large_image\" \/>\n<meta name=\"twitter:label1\" content=\"Dur\u00e9e de lecture estim\u00e9e\" \/>\n\t<meta name=\"twitter:data1\" content=\"1 minute\" \/>\n<script type=\"application\/ld+json\" class=\"yoast-schema-graph\">{\"@context\":\"https:\\\/\\\/schema.org\",\"@graph\":[{\"@type\":\"WebPage\",\"@id\":\"https:\\\/\\\/www.mahlwerk.ch\\\/produkt\\\/nussbaum-und-arve\\\/\",\"url\":\"https:\\\/\\\/www.mahlwerk.ch\\\/produkt\\\/nussbaum-und-arve\\\/\",\"name\":\"Arven Holz Pfefferm\u00fchle mit Keramikmahlwerk\",\"isPartOf\":{\"@id\":\"https:\\\/\\\/www.mahlwerk.ch\\\/#website\"},\"primaryImageOfPage\":{\"@id\":\"https:\\\/\\\/www.mahlwerk.ch\\\/produkt\\\/nussbaum-und-arve\\\/#primaryimage\"},\"image\":{\"@id\":\"https:\\\/\\\/www.mahlwerk.ch\\\/produkt\\\/nussbaum-und-arve\\\/#primaryimage\"},\"thumbnailUrl\":\"https:\\\/\\\/www.mahlwerk.ch\\\/webseite\\\/wp-content\\\/uploads\\\/2021\\\/12\\\/pfeffermuehlen-keramikmahlwerk-schweizer-holz-arve-nussbaum.jpg\",\"datePublished\":\"2021-12-04T08:35:00+00:00\",\"dateModified\":\"2026-04-20T08:17:53+00:00\",\"description\":\"Pfeffer- und Salzm\u00fchle aus Schweizer Arvenholz - einzigartig in Design und Qualit\u00e4t. Hergestellt in einer Drechslerei im Bernern Oberland.\",\"breadcrumb\":{\"@id\":\"https:\\\/\\\/www.mahlwerk.ch\\\/produkt\\\/nussbaum-und-arve\\\/#breadcrumb\"},\"inLanguage\":\"fr-FR\",\"potentialAction\":[{\"@type\":\"ReadAction\",\"target\":[\"https:\\\/\\\/www.mahlwerk.ch\\\/produkt\\\/nussbaum-und-arve\\\/\"]}]},{\"@type\":\"ImageObject\",\"inLanguage\":\"fr-FR\",\"@id\":\"https:\\\/\\\/www.mahlwerk.ch\\\/produkt\\\/nussbaum-und-arve\\\/#primaryimage\",\"url\":\"https:\\\/\\\/www.mahlwerk.ch\\\/webseite\\\/wp-content\\\/uploads\\\/2021\\\/12\\\/pfeffermuehlen-keramikmahlwerk-schweizer-holz-arve-nussbaum.jpg\",\"contentUrl\":\"https:\\\/\\\/www.mahlwerk.ch\\\/webseite\\\/wp-content\\\/uploads\\\/2021\\\/12\\\/pfeffermuehlen-keramikmahlwerk-schweizer-holz-arve-nussbaum.jpg\",\"width\":2500,\"height\":2500},{\"@type\":\"BreadcrumbList\",\"@id\":\"https:\\\/\\\/www.mahlwerk.ch\\\/produkt\\\/nussbaum-und-arve\\\/#breadcrumb\",\"itemListElement\":[{\"@type\":\"ListItem\",\"position\":1,\"name\":\"Startseite\",\"item\":\"https:\\\/\\\/www.mahlwerk.ch\\\/keramikmahlwerk\\\/\"},{\"@type\":\"ListItem\",\"position\":2,\"name\":\"Shop\",\"item\":\"https:\\\/\\\/www.mahlwerk.ch\\\/shop\\\/\"},{\"@type\":\"ListItem\",\"position\":3,\"name\":\"Nussbaum und Arve\"}]},{\"@type\":\"WebSite\",\"@id\":\"https:\\\/\\\/www.mahlwerk.ch\\\/#website\",\"url\":\"https:\\\/\\\/www.mahlwerk.ch\\\/\",\"name\":\"Keramikm\u00fchlen f\u00fcr Pfeffer und Gew\u00fcrze aus der Schweiz\",\"description\":\"Pfefferm\u00fchlen aus schweizer Massivholz\",\"alternateName\":\"Hochwertige Pfefferm\u00fchlen mit Keramikmahlwerk\",\"potentialAction\":[{\"@type\":\"SearchAction\",\"target\":{\"@type\":\"EntryPoint\",\"urlTemplate\":\"https:\\\/\\\/www.mahlwerk.ch\\\/?s={search_term_string}\"},\"query-input\":{\"@type\":\"PropertyValueSpecification\",\"valueRequired\":true,\"valueName\":\"search_term_string\"}}],\"inLanguage\":\"fr-FR\"}]}<\/script>\n<!-- \/ Yoast SEO plugin. -->","yoast_head_json":{"title":"Moulin \u00e0 poivre en bois d'Arven avec broyeur en c\u00e9ramique","description":"Moulin \u00e0 poivre et \u00e0 sel en bois d'arolle suisse - unique en termes de design et de qualit\u00e9. Fabriqu\u00e9 dans un atelier de tournage de l'Oberland bernois.","robots":{"index":"index","follow":"follow","max-snippet":"max-snippet:-1","max-image-preview":"max-image-preview:large","max-video-preview":"max-video-preview:-1"},"canonical":"https:\/\/www.mahlwerk.ch\/fr\/produkt\/nussbaum-und-arve\/","og_locale":"fr_FR","og_type":"article","og_title":"Arven Holz Pfefferm\u00fchle mit Keramikmahlwerk","og_description":"Pfeffer- und Salzm\u00fchle aus Schweizer Arvenholz - einzigartig in Design und Qualit\u00e4t. Hergestellt in einer Drechslerei im Bernern Oberland.","og_url":"https:\/\/www.mahlwerk.ch\/fr\/produkt\/nussbaum-und-arve\/","og_site_name":"Keramikm\u00fchlen von Mahlwerk","article_modified_time":"2026-04-20T08:17:53+00:00","og_image":[{"width":2500,"height":2500,"url":"https:\/\/www.mahlwerk.ch\/webseite\/wp-content\/uploads\/2021\/12\/pfeffermuehlen-keramikmahlwerk-schweizer-holz-arve-nussbaum.jpg","type":"image\/jpeg"}],"twitter_card":"summary_large_image","twitter_misc":{"Dur\u00e9e de lecture estim\u00e9e":"1 minute"},"schema":{"@context":"https:\/\/schema.org","@graph":[{"@type":"WebPage","@id":"https:\/\/www.mahlwerk.ch\/produkt\/nussbaum-und-arve\/","url":"https:\/\/www.mahlwerk.ch\/produkt\/nussbaum-und-arve\/","name":"Moulin \u00e0 poivre en bois d'Arven avec broyeur en c\u00e9ramique","isPartOf":{"@id":"https:\/\/www.mahlwerk.ch\/#website"},"primaryImageOfPage":{"@id":"https:\/\/www.mahlwerk.ch\/produkt\/nussbaum-und-arve\/#primaryimage"},"image":{"@id":"https:\/\/www.mahlwerk.ch\/produkt\/nussbaum-und-arve\/#primaryimage"},"thumbnailUrl":"https:\/\/www.mahlwerk.ch\/webseite\/wp-content\/uploads\/2021\/12\/pfeffermuehlen-keramikmahlwerk-schweizer-holz-arve-nussbaum.jpg","datePublished":"2021-12-04T08:35:00+00:00","dateModified":"2026-04-20T08:17:53+00:00","description":"Moulin \u00e0 poivre et \u00e0 sel en bois d'arolle suisse - unique en termes de design et de qualit\u00e9. Fabriqu\u00e9 dans un atelier de tournage de l'Oberland bernois.","breadcrumb":{"@id":"https:\/\/www.mahlwerk.ch\/produkt\/nussbaum-und-arve\/#breadcrumb"},"inLanguage":"fr-FR","potentialAction":[{"@type":"ReadAction","target":["https:\/\/www.mahlwerk.ch\/produkt\/nussbaum-und-arve\/"]}]},{"@type":"ImageObject","inLanguage":"fr-FR","@id":"https:\/\/www.mahlwerk.ch\/produkt\/nussbaum-und-arve\/#primaryimage","url":"https:\/\/www.mahlwerk.ch\/webseite\/wp-content\/uploads\/2021\/12\/pfeffermuehlen-keramikmahlwerk-schweizer-holz-arve-nussbaum.jpg","contentUrl":"https:\/\/www.mahlwerk.ch\/webseite\/wp-content\/uploads\/2021\/12\/pfeffermuehlen-keramikmahlwerk-schweizer-holz-arve-nussbaum.jpg","width":2500,"height":2500},{"@type":"BreadcrumbList","@id":"https:\/\/www.mahlwerk.ch\/produkt\/nussbaum-und-arve\/#breadcrumb","itemListElement":[{"@type":"ListItem","position":1,"name":"Startseite","item":"https:\/\/www.mahlwerk.ch\/keramikmahlwerk\/"},{"@type":"ListItem","position":2,"name":"Shop","item":"https:\/\/www.mahlwerk.ch\/shop\/"},{"@type":"ListItem","position":3,"name":"Nussbaum und Arve"}]},{"@type":"WebSite","@id":"https:\/\/www.mahlwerk.ch\/#website","url":"https:\/\/www.mahlwerk.ch\/","name":"Keramikm\u00fchlen f\u00fcr Pfeffer und Gew\u00fcrze aus der Schweiz","description":"Pfefferm\u00fchlen aus schweizer Massivholz","alternateName":"Hochwertige Pfefferm\u00fchlen mit Keramikmahlwerk","potentialAction":[{"@type":"SearchAction","target":{"@type":"EntryPoint","urlTemplate":"https:\/\/www.mahlwerk.ch\/?s={search_term_string}"},"query-input":{"@type":"PropertyValueSpecification","valueRequired":true,"valueName":"search_term_string"}}],"inLanguage":"fr-FR"}]}},"_links":{"self":[{"href":"https:\/\/www.mahlwerk.ch\/fr\/wp-json\/wp\/v2\/product\/7534","targetHints":{"allow":["GET"]}}],"collection":[{"href":"https:\/\/www.mahlwerk.ch\/fr\/wp-json\/wp\/v2\/product"}],"about":[{"href":"https:\/\/www.mahlwerk.ch\/fr\/wp-json\/wp\/v2\/types\/product"}],"wp:featuredmedia":[{"embeddable":true,"href":"https:\/\/www.mahlwerk.ch\/fr\/wp-json\/wp\/v2\/media\/7535"}],"wp:attachment":[{"href":"https:\/\/www.mahlwerk.ch\/fr\/wp-json\/wp\/v2\/media?parent=7534"}],"wp:term":[{"taxonomy":"product_brand","embeddable":true,"href":"https:\/\/www.mahlwerk.ch\/fr\/wp-json\/wp\/v2\/product_brand?post=7534"},{"taxonomy":"product_cat","embeddable":true,"href":"https:\/\/www.mahlwerk.ch\/fr\/wp-json\/wp\/v2\/product_cat?post=7534"},{"taxonomy":"product_tag","embeddable":true,"href":"https:\/\/www.mahlwerk.ch\/fr\/wp-json\/wp\/v2\/product_tag?post=7534"}],"curies":[{"name":"wp","href":"https:\/\/api.w.org\/{rel}","templated":true}]}}