{"id":9062,"date":"2023-12-14T13:52:59","date_gmt":"2023-12-14T12:52:59","guid":{"rendered":"https:\/\/www.mahlwerk.ch\/webseite\/wp-content\/uploads\/2023\/12\/eiche-rustikal.jpg"},"modified":"2023-12-14T13:52:59","modified_gmt":"2023-12-14T12:52:59","slug":"eiche-rustikal","status":"inherit","type":"attachment","link":"https:\/\/www.mahlwerk.ch\/it\/?attachment_id=9062","title":{"rendered":"rovere-rustico"},"author":1,"featured_media":0,"comment_status":"closed","ping_status":"closed","template":"","meta":[],"class_list":["post-9062","attachment","type-attachment","status-inherit","hentry"],"yoast_head":"<!-- This site is optimized with the Yoast SEO plugin v27.5 - https:\/\/yoast.com\/product\/yoast-seo-wordpress\/ -->\n<title>eiche-rustikal - Keramikm\u00fchlen von Mahlwerk<\/title>\n<meta name=\"robots\" content=\"index, follow, max-snippet:-1, max-image-preview:large, max-video-preview:-1\" \/>\n<link rel=\"canonical\" href=\"https:\/\/www.mahlwerk.ch\/webseite\/wp-content\/uploads\/2023\/12\/eiche-rustikal.jpg\" \/>\n<meta property=\"og:locale\" content=\"it_IT\" \/>\n<meta property=\"og:type\" content=\"article\" \/>\n<meta property=\"og:title\" content=\"eiche-rustikal - Keramikm\u00fchlen von Mahlwerk\" \/>\n<meta property=\"og:url\" content=\"https:\/\/www.mahlwerk.ch\/webseite\/wp-content\/uploads\/2023\/12\/eiche-rustikal.jpg\" \/>\n<meta property=\"og:site_name\" content=\"Keramikm\u00fchlen von Mahlwerk\" \/>\n<meta property=\"og:image\" content=\"https:\/\/www.mahlwerk.ch\/webseite\/wp-content\/uploads\/2023\/12\/eiche-rustikal.jpg\" \/>\n\t<meta property=\"og:image:width\" content=\"1\" \/>\n\t<meta property=\"og:image:height\" content=\"1\" \/>\n\t<meta property=\"og:image:type\" content=\"image\/jpeg\" \/>\n<meta name=\"twitter:card\" content=\"summary_large_image\" \/>\n<script type=\"application\/ld+json\" class=\"yoast-schema-graph\">{\"@context\":\"https:\\\/\\\/schema.org\",\"@graph\":[{\"@type\":\"WebPage\",\"@id\":\"https:\\\/\\\/www.mahlwerk.ch\\\/webseite\\\/wp-content\\\/uploads\\\/2023\\\/12\\\/eiche-rustikal.jpg\",\"url\":\"https:\\\/\\\/www.mahlwerk.ch\\\/webseite\\\/wp-content\\\/uploads\\\/2023\\\/12\\\/eiche-rustikal.jpg\",\"name\":\"eiche-rustikal - Keramikm\u00fchlen von Mahlwerk\",\"isPartOf\":{\"@id\":\"https:\\\/\\\/www.mahlwerk.ch\\\/#website\"},\"datePublished\":\"2023-12-14T12:52:59+00:00\",\"breadcrumb\":{\"@id\":\"https:\\\/\\\/www.mahlwerk.ch\\\/webseite\\\/wp-content\\\/uploads\\\/2023\\\/12\\\/eiche-rustikal.jpg#breadcrumb\"},\"inLanguage\":\"it-IT\",\"potentialAction\":[{\"@type\":\"ReadAction\",\"target\":[\"https:\\\/\\\/www.mahlwerk.ch\\\/webseite\\\/wp-content\\\/uploads\\\/2023\\\/12\\\/eiche-rustikal.jpg\"]}]},{\"@type\":\"BreadcrumbList\",\"@id\":\"https:\\\/\\\/www.mahlwerk.ch\\\/webseite\\\/wp-content\\\/uploads\\\/2023\\\/12\\\/eiche-rustikal.jpg#breadcrumb\",\"itemListElement\":[{\"@type\":\"ListItem\",\"position\":1,\"name\":\"Startseite\",\"item\":\"https:\\\/\\\/www.mahlwerk.ch\\\/keramikmahlwerk\\\/\"},{\"@type\":\"ListItem\",\"position\":2,\"name\":\"Keramikm\u00fchle aus Eiche rustikal\",\"item\":\"https:\\\/\\\/www.mahlwerk.ch\\\/produkt\\\/keramikmuehle-aus-eiche-rustikal\\\/\"},{\"@type\":\"ListItem\",\"position\":3,\"name\":\"eiche-rustikal\"}]},{\"@type\":\"WebSite\",\"@id\":\"https:\\\/\\\/www.mahlwerk.ch\\\/#website\",\"url\":\"https:\\\/\\\/www.mahlwerk.ch\\\/\",\"name\":\"Keramikm\u00fchlen f\u00fcr Pfeffer und Gew\u00fcrze aus der Schweiz\",\"description\":\"Pfefferm\u00fchlen aus schweizer Massivholz\",\"alternateName\":\"Hochwertige Pfefferm\u00fchlen mit Keramikmahlwerk\",\"potentialAction\":[{\"@type\":\"SearchAction\",\"target\":{\"@type\":\"EntryPoint\",\"urlTemplate\":\"https:\\\/\\\/www.mahlwerk.ch\\\/?s={search_term_string}\"},\"query-input\":{\"@type\":\"PropertyValueSpecification\",\"valueRequired\":true,\"valueName\":\"search_term_string\"}}],\"inLanguage\":\"it-IT\"}]}<\/script>\n<!-- \/ Yoast SEO plugin. -->","yoast_head_json":{"title":"rovere-rustico - Mulini in ceramica di Mahlwerk","robots":{"index":"index","follow":"follow","max-snippet":"max-snippet:-1","max-image-preview":"max-image-preview:large","max-video-preview":"max-video-preview:-1"},"canonical":"https:\/\/www.mahlwerk.ch\/webseite\/wp-content\/uploads\/2023\/12\/eiche-rustikal.jpg","og_locale":"it_IT","og_type":"article","og_title":"eiche-rustikal - Keramikm\u00fchlen von Mahlwerk","og_url":"https:\/\/www.mahlwerk.ch\/webseite\/wp-content\/uploads\/2023\/12\/eiche-rustikal.jpg","og_site_name":"Keramikm\u00fchlen von Mahlwerk","og_image":[{"url":"https:\/\/www.mahlwerk.ch\/webseite\/wp-content\/uploads\/2023\/12\/eiche-rustikal.jpg","width":1,"height":1,"type":"image\/jpeg"}],"twitter_card":"summary_large_image","schema":{"@context":"https:\/\/schema.org","@graph":[{"@type":"WebPage","@id":"https:\/\/www.mahlwerk.ch\/webseite\/wp-content\/uploads\/2023\/12\/eiche-rustikal.jpg","url":"https:\/\/www.mahlwerk.ch\/webseite\/wp-content\/uploads\/2023\/12\/eiche-rustikal.jpg","name":"rovere-rustico - Mulini in ceramica di Mahlwerk","isPartOf":{"@id":"https:\/\/www.mahlwerk.ch\/#website"},"datePublished":"2023-12-14T12:52:59+00:00","breadcrumb":{"@id":"https:\/\/www.mahlwerk.ch\/webseite\/wp-content\/uploads\/2023\/12\/eiche-rustikal.jpg#breadcrumb"},"inLanguage":"it-IT","potentialAction":[{"@type":"ReadAction","target":["https:\/\/www.mahlwerk.ch\/webseite\/wp-content\/uploads\/2023\/12\/eiche-rustikal.jpg"]}]},{"@type":"BreadcrumbList","@id":"https:\/\/www.mahlwerk.ch\/webseite\/wp-content\/uploads\/2023\/12\/eiche-rustikal.jpg#breadcrumb","itemListElement":[{"@type":"ListItem","position":1,"name":"Startseite","item":"https:\/\/www.mahlwerk.ch\/keramikmahlwerk\/"},{"@type":"ListItem","position":2,"name":"Keramikm\u00fchle aus Eiche rustikal","item":"https:\/\/www.mahlwerk.ch\/produkt\/keramikmuehle-aus-eiche-rustikal\/"},{"@type":"ListItem","position":3,"name":"eiche-rustikal"}]},{"@type":"WebSite","@id":"https:\/\/www.mahlwerk.ch\/#website","url":"https:\/\/www.mahlwerk.ch\/","name":"Keramikm\u00fchlen f\u00fcr Pfeffer und Gew\u00fcrze aus der Schweiz","description":"Pfefferm\u00fchlen aus schweizer Massivholz","alternateName":"Hochwertige Pfefferm\u00fchlen mit Keramikmahlwerk","potentialAction":[{"@type":"SearchAction","target":{"@type":"EntryPoint","urlTemplate":"https:\/\/www.mahlwerk.ch\/?s={search_term_string}"},"query-input":{"@type":"PropertyValueSpecification","valueRequired":true,"valueName":"search_term_string"}}],"inLanguage":"it-IT"}]}},"description":{"rendered":"<p class=\"attachment\"><a href='https:\/\/www.mahlwerk.ch\/webseite\/wp-content\/uploads\/2023\/12\/eiche-rustikal.jpg'><img loading=\"lazy\" decoding=\"async\" width=\"300\" height=\"300\" src=\"https:\/\/www.mahlwerk.ch\/webseite\/wp-content\/uploads\/2023\/12\/eiche-rustikal-300x300.jpg\" class=\"attachment-medium size-medium\" alt=\"\" srcset=\"https:\/\/www.mahlwerk.ch\/webseite\/wp-content\/uploads\/2023\/12\/eiche-rustikal-300x300.jpg 300w, https:\/\/www.mahlwerk.ch\/webseite\/wp-content\/uploads\/2023\/12\/eiche-rustikal-800x800.jpg 800w, https:\/\/www.mahlwerk.ch\/webseite\/wp-content\/uploads\/2023\/12\/eiche-rustikal-100x100.jpg 100w, https:\/\/www.mahlwerk.ch\/webseite\/wp-content\/uploads\/2023\/12\/eiche-rustikal-1030x1030.jpg 1030w, https:\/\/www.mahlwerk.ch\/webseite\/wp-content\/uploads\/2023\/12\/eiche-rustikal-80x80.jpg 80w, https:\/\/www.mahlwerk.ch\/webseite\/wp-content\/uploads\/2023\/12\/eiche-rustikal-768x768.jpg 768w, https:\/\/www.mahlwerk.ch\/webseite\/wp-content\/uploads\/2023\/12\/eiche-rustikal-1536x1536.jpg 1536w, https:\/\/www.mahlwerk.ch\/webseite\/wp-content\/uploads\/2023\/12\/eiche-rustikal-2048x2048.jpg 2048w, https:\/\/www.mahlwerk.ch\/webseite\/wp-content\/uploads\/2023\/12\/eiche-rustikal-12x12.jpg 12w, https:\/\/www.mahlwerk.ch\/webseite\/wp-content\/uploads\/2023\/12\/eiche-rustikal-36x36.jpg 36w, https:\/\/www.mahlwerk.ch\/webseite\/wp-content\/uploads\/2023\/12\/eiche-rustikal-180x180.jpg 180w, https:\/\/www.mahlwerk.ch\/webseite\/wp-content\/uploads\/2023\/12\/eiche-rustikal-1500x1500.jpg 1500w, https:\/\/www.mahlwerk.ch\/webseite\/wp-content\/uploads\/2023\/12\/eiche-rustikal-705x705.jpg 705w, https:\/\/www.mahlwerk.ch\/webseite\/wp-content\/uploads\/2023\/12\/eiche-rustikal-120x120.jpg 120w, https:\/\/www.mahlwerk.ch\/webseite\/wp-content\/uploads\/2023\/12\/eiche-rustikal-450x450.jpg 450w\" sizes=\"auto, (max-width: 300px) 100vw, 300px\" \/><\/a><\/p>\n"},"caption":{"rendered":""},"alt_text":"","media_type":"image","mime_type":"image\/jpeg","media_details":{"width":2500,"height":2500,"file":"2023\/12\/eiche-rustikal.jpg","filesize":515616,"sizes":{"woocommerce_thumbnail":{"file":"eiche-rustikal-800x800.jpg","width":800,"height":800,"filesize":343652,"uncropped":false,"mime_type":"image\/jpeg","source_url":"https:\/\/www.mahlwerk.ch\/webseite\/wp-content\/uploads\/2023\/12\/eiche-rustikal-800x800.jpg"},"woocommerce_gallery_thumbnail":{"file":"eiche-rustikal-100x100.jpg","width":100,"height":100,"filesize":9594,"mime_type":"image\/jpeg","source_url":"https:\/\/www.mahlwerk.ch\/webseite\/wp-content\/uploads\/2023\/12\/eiche-rustikal-100x100.jpg"},"woocommerce_single":{"file":"eiche-rustikal-800x800.jpg","width":800,"height":800,"filesize":343652,"mime_type":"image\/jpeg","source_url":"https:\/\/www.mahlwerk.ch\/webseite\/wp-content\/uploads\/2023\/12\/eiche-rustikal-800x800.jpg"},"medium":{"file":"eiche-rustikal-300x300.jpg","width":300,"height":300,"filesize":59717,"mime_type":"image\/jpeg","source_url":"https:\/\/www.mahlwerk.ch\/webseite\/wp-content\/uploads\/2023\/12\/eiche-rustikal-300x300.jpg"},"large":{"file":"eiche-rustikal-1030x1030.jpg","width":1030,"height":1030,"filesize":530434,"mime_type":"image\/jpeg","source_url":"https:\/\/www.mahlwerk.ch\/webseite\/wp-content\/uploads\/2023\/12\/eiche-rustikal-1030x1030.jpg"},"thumbnail":{"file":"eiche-rustikal-80x80.jpg","width":80,"height":80,"filesize":6402,"mime_type":"image\/jpeg","source_url":"https:\/\/www.mahlwerk.ch\/webseite\/wp-content\/uploads\/2023\/12\/eiche-rustikal-80x80.jpg"},"medium_large":{"file":"eiche-rustikal-768x768.jpg","width":768,"height":768,"filesize":319620,"mime_type":"image\/jpeg","source_url":"https:\/\/www.mahlwerk.ch\/webseite\/wp-content\/uploads\/2023\/12\/eiche-rustikal-768x768.jpg"},"1536x1536":{"file":"eiche-rustikal-1536x1536.jpg","width":1536,"height":1536,"filesize":1006394,"mime_type":"image\/jpeg","source_url":"https:\/\/www.mahlwerk.ch\/webseite\/wp-content\/uploads\/2023\/12\/eiche-rustikal-1536x1536.jpg"},"2048x2048":{"file":"eiche-rustikal-2048x2048.jpg","width":2048,"height":2048,"filesize":1558482,"mime_type":"image\/jpeg","source_url":"https:\/\/www.mahlwerk.ch\/webseite\/wp-content\/uploads\/2023\/12\/eiche-rustikal-2048x2048.jpg"},"trp-custom-language-flag":{"file":"eiche-rustikal-12x12.jpg","width":12,"height":12,"filesize":1070,"mime_type":"image\/jpeg","source_url":"https:\/\/www.mahlwerk.ch\/webseite\/wp-content\/uploads\/2023\/12\/eiche-rustikal-12x12.jpg"},"widget":{"file":"eiche-rustikal-36x36.jpg","width":36,"height":36,"filesize":2647,"mime_type":"image\/jpeg","source_url":"https:\/\/www.mahlwerk.ch\/webseite\/wp-content\/uploads\/2023\/12\/eiche-rustikal-36x36.jpg"},"square":{"file":"eiche-rustikal-180x180.jpg","width":180,"height":180,"filesize":24494,"mime_type":"image\/jpeg","source_url":"https:\/\/www.mahlwerk.ch\/webseite\/wp-content\/uploads\/2023\/12\/eiche-rustikal-180x180.jpg"},"featured":{"file":"eiche-rustikal-1500x430.jpg","width":1500,"height":430,"filesize":291602,"mime_type":"image\/jpeg","source_url":"https:\/\/www.mahlwerk.ch\/webseite\/wp-content\/uploads\/2023\/12\/eiche-rustikal-1500x430.jpg"},"featured_large":{"file":"eiche-rustikal-1500x630.jpg","width":1500,"height":630,"filesize":412684,"mime_type":"image\/jpeg","source_url":"https:\/\/www.mahlwerk.ch\/webseite\/wp-content\/uploads\/2023\/12\/eiche-rustikal-1500x630.jpg"},"extra_large":{"file":"eiche-rustikal-1500x1500.jpg","width":1500,"height":1500,"filesize":957456,"mime_type":"image\/jpeg","source_url":"https:\/\/www.mahlwerk.ch\/webseite\/wp-content\/uploads\/2023\/12\/eiche-rustikal-1500x1500.jpg"},"portfolio":{"file":"eiche-rustikal-495x400.jpg","width":495,"height":400,"filesize":115084,"mime_type":"image\/jpeg","source_url":"https:\/\/www.mahlwerk.ch\/webseite\/wp-content\/uploads\/2023\/12\/eiche-rustikal-495x400.jpg"},"portfolio_small":{"file":"eiche-rustikal-260x185.jpg","width":260,"height":185,"filesize":31846,"mime_type":"image\/jpeg","source_url":"https:\/\/www.mahlwerk.ch\/webseite\/wp-content\/uploads\/2023\/12\/eiche-rustikal-260x185.jpg"},"gallery":{"file":"eiche-rustikal-845x684.jpg","width":845,"height":684,"filesize":303528,"mime_type":"image\/jpeg","source_url":"https:\/\/www.mahlwerk.ch\/webseite\/wp-content\/uploads\/2023\/12\/eiche-rustikal-845x684.jpg"},"magazine":{"file":"eiche-rustikal-710x375.jpg","width":710,"height":375,"filesize":144775,"mime_type":"image\/jpeg","source_url":"https:\/\/www.mahlwerk.ch\/webseite\/wp-content\/uploads\/2023\/12\/eiche-rustikal-710x375.jpg"},"masonry":{"file":"eiche-rustikal-705x705.jpg","width":705,"height":705,"filesize":276805,"mime_type":"image\/jpeg","source_url":"https:\/\/www.mahlwerk.ch\/webseite\/wp-content\/uploads\/2023\/12\/eiche-rustikal-705x705.jpg"},"entry_with_sidebar":{"file":"eiche-rustikal-845x321.jpg","width":845,"height":321,"filesize":146828,"mime_type":"image\/jpeg","source_url":"https:\/\/www.mahlwerk.ch\/webseite\/wp-content\/uploads\/2023\/12\/eiche-rustikal-845x321.jpg"},"entry_without_sidebar":{"file":"eiche-rustikal-1210x423.jpg","width":1210,"height":423,"filesize":248876,"mime_type":"image\/jpeg","source_url":"https:\/\/www.mahlwerk.ch\/webseite\/wp-content\/uploads\/2023\/12\/eiche-rustikal-1210x423.jpg"},"shop_thumbnail":{"file":"eiche-rustikal-120x120.jpg","width":120,"height":120,"filesize":12036,"mime_type":"image\/jpeg","source_url":"https:\/\/www.mahlwerk.ch\/webseite\/wp-content\/uploads\/2023\/12\/eiche-rustikal-120x120.jpg"},"shop_catalog":{"file":"eiche-rustikal-450x450.jpg","width":450,"height":450,"filesize":124137,"mime_type":"image\/jpeg","source_url":"https:\/\/www.mahlwerk.ch\/webseite\/wp-content\/uploads\/2023\/12\/eiche-rustikal-450x450.jpg"},"shop_single":{"file":"eiche-rustikal-450x450.jpg","width":450,"height":450,"filesize":124137,"mime_type":"image\/jpeg","source_url":"https:\/\/www.mahlwerk.ch\/webseite\/wp-content\/uploads\/2023\/12\/eiche-rustikal-450x450.jpg"},"full":{"file":"eiche-rustikal.jpg","width":2500,"height":2500,"mime_type":"image\/jpeg","source_url":"https:\/\/www.mahlwerk.ch\/webseite\/wp-content\/uploads\/2023\/12\/eiche-rustikal.jpg"}},"image_meta":{"aperture":"0","credit":"","camera":"","caption":"","created_timestamp":"0","copyright":"","focal_length":"0","iso":"0","shutter_speed":"0","title":"","orientation":"0","keywords":[]}},"post":9061,"source_url":"https:\/\/www.mahlwerk.ch\/webseite\/wp-content\/uploads\/2023\/12\/eiche-rustikal.jpg","_links":{"self":[{"href":"https:\/\/www.mahlwerk.ch\/it\/wp-json\/wp\/v2\/media\/9062","targetHints":{"allow":["GET"]}}],"collection":[{"href":"https:\/\/www.mahlwerk.ch\/it\/wp-json\/wp\/v2\/media"}],"about":[{"href":"https:\/\/www.mahlwerk.ch\/it\/wp-json\/wp\/v2\/types\/attachment"}],"author":[{"embeddable":true,"href":"https:\/\/www.mahlwerk.ch\/it\/wp-json\/wp\/v2\/users\/1"}],"wp:attached-to":[{"embeddable":true,"post_type":"product","id":9061,"href":"https:\/\/www.mahlwerk.ch\/it\/wp-json\/wp\/v2\/product\/9061"}],"curies":[{"name":"wp","href":"https:\/\/api.w.org\/{rel}","templated":true}]}}